{"id":9047,"date":"2024-02-13T15:48:53","date_gmt":"2024-02-13T14:48:53","guid":{"rendered":"https:\/\/www.debraschilling.de\/informacao-legal\/"},"modified":"2024-02-16T13:34:23","modified_gmt":"2024-02-16T12:34:23","slug":"informacao-legal","status":"publish","type":"page","link":"https:\/\/www.debraschilling.de\/pt-pt\/informacao-legal\/","title":{"rendered":"Informa\u00e7\u00e3o legal"},"content":{"rendered":"<section class=\"l-section wpb_row height_auto\"><div class=\"l-section-overlay\" style=\"background:var(--color-header-top-transparent-text)\"><\/div><div class=\"l-section-h i-cf\"><div class=\"g-cols vc_row via_grid cols_1 laptops-cols_inherit tablets-cols_inherit mobiles-cols_1 valign_top type_default stacking_default\" style=\"--columns-gap:1.1rem;\"><div class=\"wpb_column vc_column_container\"><div class=\"vc_column-inner\"><div class=\"w-separator size_large\"><\/div><div class=\"wpb_text_column\"><div class=\"wpb_wrapper\"><h1 style=\"text-align: center;\">Informa\u00e7\u00e3o legal<\/h1>\n<\/div><\/div><\/div><\/div><\/div><\/div><\/section><section class=\"l-section wpb_row height_custom\" id=\"intro\"><div class=\"l-section-h i-cf\"><div class=\"g-cols vc_row via_grid cols_1 laptops-cols_inherit tablets-cols_inherit mobiles-cols_1 valign_top type_default stacking_default\"><div class=\"wpb_column vc_column_container\"><div class=\"vc_column-inner\"><div class=\"wpb_text_column\"><div class=\"wpb_wrapper\"><p style=\"font-weight: 400;\"><strong>Dados em conformidade com o artigo 5.\u00ba da Lei alem\u00e3 dos Meios de Comunica\u00e7\u00e3o (TMG):<\/strong><\/p>\n<p style=\"font-weight: 400;\">Debra Schilling<br \/>\nTradutora e Int\u00e9rprete freelancer<br \/>\nDunckerstra\u00dfe 16<br \/>\nD-10437 Berlin<\/p>\n<p style=\"font-weight: 400;\">Contato<br \/>\nTelem\u00f3vel: +49 175 931 70 33<br \/>\nE-mail: <a href=\"javascript:secureDecryptAndNavigate('4L5hqrPsCicb0R990wfpwCUcrGDhM\/aMh9RmzgBVblCaULDDqTMCSv7XpNu9nu8FKbbtmRrXkQlCdQ2\/rOrLLS4k08c00Kz2\/uZaGr5a', '0efe497a55475c9861601974e8260087d46bc32dec84fa29d187ae8ac5efbdfc')\">hello[at]debraschilling[dot]de<\/a><\/p>\n<p style=\"font-weight: 400;\">N\u00famero fiscal<br \/>\n31\/414\/03971<\/p>\n<p style=\"font-weight: 400;\">N\u00famero de IVA<br \/>\nDE280037629<\/p>\n<p style=\"font-weight: 400;\"><strong>Informa\u00e7\u00f5es sobre a fonte das imagens e dos gr\u00e1ficos utilizados:<\/strong><\/p>\n<p style=\"font-weight: 400;\">Uma parte das imagens utilizadas \u00e9 da minha autoria.<br \/>\nOs retratos s\u00e3o da autoria de:<\/p>\n<p style=\"font-weight: 400;\">Alexander Klebe<br \/>\n<a href=\"http:\/\/www.alexanderklebe.de\/\">www.alexanderklebe.de<\/a><\/p>\n<p style=\"font-weight: 400;\"><strong>Regulamentos profissionais<\/strong><\/p>\n<p style=\"font-weight: 400;\">Tradutora autorizada pelo Tribunal de Primeira Inst\u00e2ncia de Berlim para os tribunais e not\u00e1rios de Berlim para portugu\u00eas e espanhol. A base legal para tal \u00e9 a lei alem\u00e3 relativa ao pagamento e compensa\u00e7\u00f5es por autoridades judiciais (JVEG).<\/p>\n<p style=\"font-weight: 400;\"><strong>Seguro de responsabilidade civil<\/strong><\/p>\n<p style=\"font-weight: 400;\">Seguro de responsabilidade civil profissional:<br \/>\nGenerali<br \/>\nD-81731 Munique<\/p>\n<p style=\"font-weight: 400;\">Seguro de indeniza\u00e7\u00e3o profissional:<br \/>\nR+V Allgemeine Versicherung AG<br \/>\nRaiffeisenplatz 1<br \/>\nD-65189 Wiesbaden<\/p>\n<p style=\"font-weight: 400;\"><strong>Isen\u00e7\u00e3o de responsabilidade (Disclaimer)<\/strong><\/p>\n<p style=\"font-weight: 400;\"><strong>Responsabilidade pelos links utilizados<\/strong><\/p>\n<p style=\"font-weight: 400;\">A minha oferta inclui links para p\u00e1ginas externas de terceiros, cujos conte\u00fados est\u00e3o fora do meu alcance. Por esse motivo, tamb\u00e9m n\u00e3o me posso responsabilizar por estes conte\u00fados de terceiros. A responsabilidade pelos conte\u00fados das referidas liga\u00e7\u00f5es cabe ao fornecedor ou operador das respetivas p\u00e1ginas. As p\u00e1ginas com links foram verificadas quanto a poss\u00edveis ilegalidades no momento de cria\u00e7\u00e3o da hiperliga\u00e7\u00e3o. N\u00e3o se detetaram conte\u00fados il\u00edcitos no momento de estabelecer a hiperliga\u00e7\u00e3o. Sem ind\u00edcios concretos de ilegalidade, n\u00e3o \u00e9 poss\u00edvel efetuar um controlo permanente dos conte\u00fados das p\u00e1ginas com links. Se vier a tomar conhecimento de ilegalidades, retirarei os respetivos links de imediato.<\/p>\n<p style=\"font-weight: 400;\"><strong>Direitos de autor<\/strong><\/p>\n<p style=\"font-weight: 400;\">Os conte\u00fados e trabalhos redigidos por mim nestas p\u00e1ginas est\u00e3o sujeitos \u00e0 lei alem\u00e3 sobre direitos de autor. A reprodu\u00e7\u00e3o, adapta\u00e7\u00e3o, distribui\u00e7\u00e3o e qualquer outro tipo de utiliza\u00e7\u00e3o fora dos limites dos direitos de autor carecem de autoriza\u00e7\u00e3o por escrito do respetivo autor ou criador. Os downloads e c\u00f3pias desta p\u00e1gina s\u00e3o apenas permitidos para uso privado e n\u00e3o para uso comercial. No caso dos conte\u00fados desta p\u00e1gina que n\u00e3o foram criados por mim, aplicam-se os direitos de autor de terceiros. Os conte\u00fados gerados por terceiros est\u00e3o devidamente identificados. Se, mesmo assim, detetar alguma infra\u00e7\u00e3o aos direitos de autor, pe\u00e7o-lhe que me informe dessa situa\u00e7\u00e3o. Se vier a tomar conhecimento de ilegalidades, retirarei os respetivos conte\u00fados de imediato.<\/p>\n<\/div><\/div><\/div><\/div><\/div><\/div><\/section>\n","protected":false},"excerpt":{"rendered":"Informa\u00e7\u00e3o legal Dados em conformidade com o artigo 5.\u00ba da Lei alem\u00e3 dos Meios de Comunica\u00e7\u00e3o (TMG): Debra Schilling Tradutora e Int\u00e9rprete freelancer Dunckerstra\u00dfe 16 D-10437 Berlin Contato Telem\u00f3vel: +49 175 931 70 33 E-mail: hello[at]debraschilling[dot]de N\u00famero fiscal 31\/414\/03971 N\u00famero de IVA DE280037629 Informa\u00e7\u00f5es sobre a fonte das imagens e dos gr\u00e1ficos utilizados: Uma parte...","protected":false},"author":1,"featured_media":0,"parent":0,"menu_order":0,"comment_status":"closed","ping_status":"closed","template":"","meta":{"footnotes":""},"class_list":["post-9047","page","type-page","status-publish","hentry"],"_links":{"self":[{"href":"https:\/\/www.debraschilling.de\/pt-pt\/wp-json\/wp\/v2\/pages\/9047","targetHints":{"allow":["GET"]}}],"collection":[{"href":"https:\/\/www.debraschilling.de\/pt-pt\/wp-json\/wp\/v2\/pages"}],"about":[{"href":"https:\/\/www.debraschilling.de\/pt-pt\/wp-json\/wp\/v2\/types\/page"}],"author":[{"embeddable":true,"href":"https:\/\/www.debraschilling.de\/pt-pt\/wp-json\/wp\/v2\/users\/1"}],"replies":[{"embeddable":true,"href":"https:\/\/www.debraschilling.de\/pt-pt\/wp-json\/wp\/v2\/comments?post=9047"}],"version-history":[{"count":2,"href":"https:\/\/www.debraschilling.de\/pt-pt\/wp-json\/wp\/v2\/pages\/9047\/revisions"}],"predecessor-version":[{"id":9050,"href":"https:\/\/www.debraschilling.de\/pt-pt\/wp-json\/wp\/v2\/pages\/9047\/revisions\/9050"}],"wp:attachment":[{"href":"https:\/\/www.debraschilling.de\/pt-pt\/wp-json\/wp\/v2\/media?parent=9047"}],"curies":[{"name":"wp","href":"https:\/\/api.w.org\/{rel}","templated":true}]}}